{"version":"1.0","provider_name":"Boutique Braun Traditions","provider_url":"https:\/\/www.braun-traditions.com\/en","author_name":"Bernd Braun","author_url":"https:\/\/www.braun-traditions.com\/en\/author\/therealbernds90gmail-com\/","title":"Jardini\u00e8re, p\u00e9riode Napol\u00e9on III - Boutique Braun Traditions","type":"rich","width":600,"height":338,"html":"<blockquote class=\"wp-embedded-content\" data-secret=\"fE0CMXJIoc\"><a href=\"https:\/\/www.braun-traditions.com\/en\/product\/jardiniere-periode-napoleon-iii\/\">Jardini\u00e8re, p\u00e9riode Napol\u00e9on III<\/a><\/blockquote><iframe sandbox=\"allow-scripts\" security=\"restricted\" src=\"https:\/\/www.braun-traditions.com\/en\/product\/jardiniere-periode-napoleon-iii\/embed\/#?secret=fE0CMXJIoc\" width=\"600\" height=\"338\" title=\"&#8220;Jardini\u00e8re, p\u00e9riode Napol\u00e9on III&#8221; &#8212; Boutique Braun Traditions\" data-secret=\"fE0CMXJIoc\" frameborder=\"0\" marginwidth=\"0\" marginheight=\"0\" scrolling=\"no\" class=\"wp-embedded-content\"><\/iframe><script>\n\/*! This file is auto-generated *\/\n!function(d,l){\"use strict\";l.querySelector&&d.addEventListener&&\"undefined\"!=typeof URL&&(d.wp=d.wp||{},d.wp.receiveEmbedMessage||(d.wp.receiveEmbedMessage=function(e){var t=e.data;if((t||t.secret||t.message||t.value)&&!\/[^a-zA-Z0-9]\/.test(t.secret)){for(var s,r,n,a=l.querySelectorAll('iframe[data-secret=\"'+t.secret+'\"]'),o=l.querySelectorAll('blockquote[data-secret=\"'+t.secret+'\"]'),c=new RegExp(\"^https?:$\",\"i\"),i=0;i<o.length;i++)o[i].style.display=\"none\";for(i=0;i<a.length;i++)s=a[i],e.source===s.contentWindow&&(s.removeAttribute(\"style\"),\"height\"===t.message?(1e3<(r=parseInt(t.value,10))?r=1e3:~~r<200&&(r=200),s.height=r):\"link\"===t.message&&(r=new URL(s.getAttribute(\"src\")),n=new URL(t.value),c.test(n.protocol))&&n.host===r.host&&l.activeElement===s&&(d.top.location.href=t.value))}},d.addEventListener(\"message\",d.wp.receiveEmbedMessage,!1),l.addEventListener(\"DOMContentLoaded\",function(){for(var e,t,s=l.querySelectorAll(\"iframe.wp-embedded-content\"),r=0;r<s.length;r++)(t=(e=s[r]).getAttribute(\"data-secret\"))||(t=Math.random().toString(36).substring(2,12),e.src+=\"#?secret=\"+t,e.setAttribute(\"data-secret\",t)),e.contentWindow.postMessage({message:\"ready\",secret:t},\"*\")},!1)))}(window,document);\n\/\/# sourceURL=https:\/\/www.braun-traditions.com\/wp-includes\/js\/wp-embed.min.js\n<\/script>","thumbnail_url":"https:\/\/www.braun-traditions.com\/wp-content\/uploads\/2023\/08\/Jardiniere_Boisnoirci_dore_plaque_marbre_peint_couverte_H104L60P40cm_7-scaled-1.jpg","thumbnail_width":2560,"thumbnail_height":1706,"description":"&nbsp; Jolie jardini\u00e8re couverte en bois noirci, dor\u00e9 dans les motifs d\u00e9coratifs grav\u00e9s. En fa\u00e7ade, une plaque de marbre est peinte d\u2019un paysage de campagne. Ornements en bronze dor\u00e9. Entretoise et tablette. Meuble relativement haut. L\u2019arri\u00e8re n\u2019est pas d\u00e9cor\u00e9 donc il est fait pour \u00eatre mis contre un mur. &nbsp; Dimensions : H 104cm x [&hellip;]"}